{"id":727,"date":"2025-01-08T21:51:38","date_gmt":"2025-01-08T21:51:38","guid":{"rendered":"https:\/\/acuiferoguarani.org\/?page_id=727"},"modified":"2025-04-28T01:29:33","modified_gmt":"2025-04-28T01:29:33","slug":"noticias-uruguay","status":"publish","type":"page","link":"https:\/\/acuiferoguarani.org\/pt\/noticias-uruguay\/","title":{"rendered":"Noticias Uruguay"},"content":{"rendered":"<div data-elementor-type=\"wp-page\" data-elementor-id=\"727\" class=\"elementor elementor-727\" data-elementor-settings=\"{&quot;ha_cmc_init_switcher&quot;:&quot;no&quot;}\" data-elementor-post-type=\"page\">\n\t\t\t\t<div class=\"elementor-element elementor-element-1819550 e-flex e-con-boxed e-con e-parent\" data-id=\"1819550\" data-element_type=\"container\" data-e-type=\"container\" data-settings=\"{&quot;_ha_eqh_enable&quot;:false}\">\n\t\t\t\t\t<div class=\"e-con-inner\">\n\t\t\t\t<div class=\"elementor-element elementor-element-59d8d3e4 elementor-widget elementor-widget-text-editor\" data-id=\"59d8d3e4\" data-element_type=\"widget\" data-e-type=\"widget\" data-widget_type=\"text-editor.default\">\n\t\t\t\t<div class=\"elementor-widget-container\">\n\t\t\t\t\t\t\t\t\t<div class=\"pt-cv-wrapper\">\n<div class=\"pt-cv-view pt-cv-overlaygrid iscvblock iscvhybrid overlay1 layout1\" id=\"pt-cv-view-bb88e1848c\">\n<div data-id=\"pt-cv-page-1\" class=\"pt-cv-page\" data-cvc=\"4\">\n<div class=\"pt-cv-content-item pt-cv-1-col\" >\n<div class=\"pt-cv-thumb-wrapper\"><a href=\"https:\/\/acuiferoguarani.org\/pt\/el-acuifero-guarani-como-ejemplo-global-en-diplomacia-cientifica-los-paises-del-cono-sur-reafirman-su-compromiso-en-paris\/\" class=\"_self pt-cv-href-thumbnail pt-cv-thumb-default\" target=\"_self\" ><img fetchpriority=\"high\" decoding=\"async\" width=\"300\" height=\"225\" src=\"https:\/\/acuiferoguarani.org\/wp-content\/uploads\/2025\/05\/Acuifero-Ejemplo-Global-300x225.jpg\" class=\"pt-cv-thumbnail\" alt=\"\" srcset=\"https:\/\/acuiferoguarani.org\/wp-content\/uploads\/2025\/05\/Acuifero-Ejemplo-Global-300x225.jpg 300w, https:\/\/acuiferoguarani.org\/wp-content\/uploads\/2025\/05\/Acuifero-Ejemplo-Global-1024x768.jpg 1024w, https:\/\/acuiferoguarani.org\/wp-content\/uploads\/2025\/05\/Acuifero-Ejemplo-Global-768x576.jpg 768w, https:\/\/acuiferoguarani.org\/wp-content\/uploads\/2025\/05\/Acuifero-Ejemplo-Global-1536x1152.jpg 1536w, https:\/\/acuiferoguarani.org\/wp-content\/uploads\/2025\/05\/Acuifero-Ejemplo-Global-16x12.jpg 16w, https:\/\/acuiferoguarani.org\/wp-content\/uploads\/2025\/05\/Acuifero-Ejemplo-Global-1320x990.jpg 1320w, https:\/\/acuiferoguarani.org\/wp-content\/uploads\/2025\/05\/Acuifero-Ejemplo-Global.jpg 1600w\" sizes=\"(max-width: 300px) 100vw, 300px\" \/><\/a><\/div>\n<div class=\"pt-cv-overlay-wrapper\">\n<h4 class=\"pt-cv-title\"><a href=\"https:\/\/acuiferoguarani.org\/pt\/el-acuifero-guarani-como-ejemplo-global-en-diplomacia-cientifica-los-paises-del-cono-sur-reafirman-su-compromiso-en-paris\/\" class=\"_self\" target=\"_self\" >El Acu\u00edfero Guaran\u00ed como ejemplo global en diplomacia cient\u00edfica: los pa\u00edses del Cono Sur reafirman su compromiso en Par\u00eds<\/a><\/h4>\n<div class=\"pt-cv-meta-fields\"><span class=\"entry-date\"> <time datetime=\"2025-05-20T15:18:42+00:00\">Maio 20, 2025<\/time><\/span><\/div>\n<\/div>\n<\/div>\n<div class=\"pt-cv-content-item pt-cv-1-col\" >\n<div class=\"pt-cv-thumb-wrapper\"><a href=\"https:\/\/acuiferoguarani.org\/pt\/aguas-que-unen-tras-las-huellas-del-sistema-acuifero-guarani\/\" class=\"_self pt-cv-href-thumbnail pt-cv-thumb-default\" target=\"_self\" ><img decoding=\"async\" width=\"300\" height=\"124\" src=\"https:\/\/acuiferoguarani.org\/wp-content\/uploads\/2025\/04\/Foto-Noticias-19-300x124.webp\" class=\"pt-cv-thumbnail\" alt=\"\" srcset=\"https:\/\/acuiferoguarani.org\/wp-content\/uploads\/2025\/04\/Foto-Noticias-19-300x124.webp 300w, https:\/\/acuiferoguarani.org\/wp-content\/uploads\/2025\/04\/Foto-Noticias-19-1024x422.webp 1024w, https:\/\/acuiferoguarani.org\/wp-content\/uploads\/2025\/04\/Foto-Noticias-19-768x317.webp 768w, https:\/\/acuiferoguarani.org\/wp-content\/uploads\/2025\/04\/Foto-Noticias-19-1536x634.webp 1536w, https:\/\/acuiferoguarani.org\/wp-content\/uploads\/2025\/04\/Foto-Noticias-19-18x7.webp 18w, https:\/\/acuiferoguarani.org\/wp-content\/uploads\/2025\/04\/Foto-Noticias-19-1320x545.webp 1320w, https:\/\/acuiferoguarani.org\/wp-content\/uploads\/2025\/04\/Foto-Noticias-19-e1745803683118.webp 800w\" sizes=\"(max-width: 300px) 100vw, 300px\" \/><\/a><\/div>\n<div class=\"pt-cv-overlay-wrapper\">\n<h4 class=\"pt-cv-title\"><a href=\"https:\/\/acuiferoguarani.org\/pt\/aguas-que-unen-tras-las-huellas-del-sistema-acuifero-guarani\/\" class=\"_self\" target=\"_self\" >Aguas que unen: Tras las huellas del Sistema Acu\u00edfero Guaran\u00ed<\/a><\/h4>\n<div class=\"pt-cv-meta-fields\"><span class=\"entry-date\"> <time datetime=\"2025-04-28T01:28:14+00:00\">Abril 28, 2025<\/time><\/span><\/div>\n<\/div>\n<\/div>\n<div class=\"pt-cv-content-item pt-cv-1-col\" >\n<div class=\"pt-cv-thumb-wrapper\"><a href=\"https:\/\/acuiferoguarani.org\/pt\/construyendo-puentes-de-agua-la-red-de-monitoreo-del-acuifero-guarani\/\" class=\"_self pt-cv-href-thumbnail pt-cv-thumb-default\" target=\"_self\" ><img decoding=\"async\" width=\"300\" height=\"171\" src=\"https:\/\/acuiferoguarani.org\/wp-content\/uploads\/2025\/04\/Foto-Noticia-14-300x171.png\" class=\"pt-cv-thumbnail\" alt=\"\" srcset=\"https:\/\/acuiferoguarani.org\/wp-content\/uploads\/2025\/04\/Foto-Noticia-14-300x171.png 300w, https:\/\/acuiferoguarani.org\/wp-content\/uploads\/2025\/04\/Foto-Noticia-14-768x437.png 768w, https:\/\/acuiferoguarani.org\/wp-content\/uploads\/2025\/04\/Foto-Noticia-14-18x10.png 18w, https:\/\/acuiferoguarani.org\/wp-content\/uploads\/2025\/04\/Foto-Noticia-14-e1745800077898.png 800w\" sizes=\"(max-width: 300px) 100vw, 300px\" \/><\/a><\/div>\n<div class=\"pt-cv-overlay-wrapper\">\n<h4 class=\"pt-cv-title\"><a href=\"https:\/\/acuiferoguarani.org\/pt\/construyendo-puentes-de-agua-la-red-de-monitoreo-del-acuifero-guarani\/\" class=\"_self\" target=\"_self\" >Construyendo puentes de agua: la red de monitoreo del Acu\u00edfero Guaran\u00ed<\/a><\/h4>\n<div class=\"pt-cv-meta-fields\"><span class=\"entry-date\"> <time datetime=\"2025-04-28T00:29:42+00:00\">Abril 28, 2025<\/time><\/span><\/div>\n<\/div>\n<\/div>\n<div class=\"pt-cv-content-item pt-cv-1-col\" >\n<div class=\"pt-cv-thumb-wrapper\"><a href=\"https:\/\/acuiferoguarani.org\/pt\/nueva-movilizacion-en-torno-al-desarrollo-de-la-cooperacion-del-sistema-acuifero-guarani-brasil-ratifica-acuerdo-firmado-con-argentina-paraguay-y-uruguay\/\" class=\"_self pt-cv-href-thumbnail pt-cv-thumb-default\" target=\"_self\" ><img loading=\"lazy\" decoding=\"async\" width=\"300\" height=\"225\" src=\"https:\/\/acuiferoguarani.org\/wp-content\/uploads\/2025\/04\/Foto-Noticia-11-300x225.png\" class=\"pt-cv-thumbnail\" alt=\"\" srcset=\"https:\/\/acuiferoguarani.org\/wp-content\/uploads\/2025\/04\/Foto-Noticia-11-300x225.png 300w, https:\/\/acuiferoguarani.org\/wp-content\/uploads\/2025\/04\/Foto-Noticia-11-1024x769.png 1024w, https:\/\/acuiferoguarani.org\/wp-content\/uploads\/2025\/04\/Foto-Noticia-11-768x577.png 768w, https:\/\/acuiferoguarani.org\/wp-content\/uploads\/2025\/04\/Foto-Noticia-11-16x12.png 16w, https:\/\/acuiferoguarani.org\/wp-content\/uploads\/2025\/04\/Foto-Noticia-11-e1745788807934.png 800w\" sizes=\"(max-width: 300px) 100vw, 300px\" \/><\/a><\/div>\n<div class=\"pt-cv-overlay-wrapper\">\n<h4 class=\"pt-cv-title\"><a href=\"https:\/\/acuiferoguarani.org\/pt\/nueva-movilizacion-en-torno-al-desarrollo-de-la-cooperacion-del-sistema-acuifero-guarani-brasil-ratifica-acuerdo-firmado-con-argentina-paraguay-y-uruguay\/\" class=\"_self\" target=\"_self\" >Nueva movilizaci\u00f3n en torno al desarrollo de la cooperaci\u00f3n del Sistema Acu\u00edfero Guaran\u00ed: Brasil ratifica Acuerdo firmado con Argentina, Paraguay y Uruguay<\/a><\/h4>\n<div class=\"pt-cv-meta-fields\"><span class=\"entry-date\"> <time datetime=\"2025-04-27T21:20:23+00:00\">Abril 27, 2025<\/time><\/span><\/div>\n<\/div>\n<\/div>\n<div class=\"pt-cv-content-item pt-cv-1-col\" >\n<div class=\"pt-cv-thumb-wrapper\"><a href=\"https:\/\/acuiferoguarani.org\/pt\/reunion-del-comite-de-capacitacion-participacion-y-difusion\/\" class=\"_self pt-cv-href-thumbnail pt-cv-thumb-default\" target=\"_self\" ><img loading=\"lazy\" decoding=\"async\" width=\"300\" height=\"225\" src=\"https:\/\/acuiferoguarani.org\/wp-content\/uploads\/2025\/04\/Foto-Noticia-10-300x225.png\" class=\"pt-cv-thumbnail\" alt=\"\" srcset=\"https:\/\/acuiferoguarani.org\/wp-content\/uploads\/2025\/04\/Foto-Noticia-10-300x225.png 300w, https:\/\/acuiferoguarani.org\/wp-content\/uploads\/2025\/04\/Foto-Noticia-10-1024x769.png 1024w, https:\/\/acuiferoguarani.org\/wp-content\/uploads\/2025\/04\/Foto-Noticia-10-768x577.png 768w, https:\/\/acuiferoguarani.org\/wp-content\/uploads\/2025\/04\/Foto-Noticia-10-16x12.png 16w, https:\/\/acuiferoguarani.org\/wp-content\/uploads\/2025\/04\/Foto-Noticia-10-e1745788717166.png 800w\" sizes=\"(max-width: 300px) 100vw, 300px\" \/><\/a><\/div>\n<div class=\"pt-cv-overlay-wrapper\">\n<h4 class=\"pt-cv-title\"><a href=\"https:\/\/acuiferoguarani.org\/pt\/reunion-del-comite-de-capacitacion-participacion-y-difusion\/\" class=\"_self\" target=\"_self\" >Reuni\u00f3n del Comit\u00e9 de Capacitaci\u00f3n, Participaci\u00f3n y Difusi\u00f3n<\/a><\/h4>\n<div class=\"pt-cv-meta-fields\"><span class=\"entry-date\"> <time datetime=\"2025-04-27T21:18:48+00:00\">Abril 27, 2025<\/time><\/span><\/div>\n<\/div>\n<\/div>\n<div class=\"pt-cv-content-item pt-cv-1-col\" >\n<div class=\"pt-cv-thumb-wrapper\"><a href=\"https:\/\/acuiferoguarani.org\/pt\/agua-y-paz-celebrando-el-dia-mundial-del-agua\/\" class=\"_self pt-cv-href-thumbnail pt-cv-thumb-default\" target=\"_self\" ><img loading=\"lazy\" decoding=\"async\" width=\"300\" height=\"164\" src=\"https:\/\/acuiferoguarani.org\/wp-content\/uploads\/2025\/04\/Foto-Noticia-09-300x164.png\" class=\"pt-cv-thumbnail\" alt=\"\" srcset=\"https:\/\/acuiferoguarani.org\/wp-content\/uploads\/2025\/04\/Foto-Noticia-09-300x164.png 300w, https:\/\/acuiferoguarani.org\/wp-content\/uploads\/2025\/04\/Foto-Noticia-09-1024x558.png 1024w, https:\/\/acuiferoguarani.org\/wp-content\/uploads\/2025\/04\/Foto-Noticia-09-768x419.png 768w, https:\/\/acuiferoguarani.org\/wp-content\/uploads\/2025\/04\/Foto-Noticia-09-18x10.png 18w, https:\/\/acuiferoguarani.org\/wp-content\/uploads\/2025\/04\/Foto-Noticia-09-e1745788419380.png 800w\" sizes=\"(max-width: 300px) 100vw, 300px\" \/><\/a><\/div>\n<div class=\"pt-cv-overlay-wrapper\">\n<h4 class=\"pt-cv-title\"><a href=\"https:\/\/acuiferoguarani.org\/pt\/agua-y-paz-celebrando-el-dia-mundial-del-agua\/\" class=\"_self\" target=\"_self\" >Agua y Paz: Celebrando el D\u00eda Mundial del Agua<\/a><\/h4>\n<div class=\"pt-cv-meta-fields\"><span class=\"entry-date\"> <time datetime=\"2025-04-27T21:14:16+00:00\">Abril 27, 2025<\/time><\/span><\/div>\n<\/div>\n<\/div>\n<div class=\"pt-cv-content-item pt-cv-1-col\" >\n<div class=\"pt-cv-thumb-wrapper\"><a href=\"https:\/\/acuiferoguarani.org\/pt\/america-latina-en-el-10o-foro-mundial-del-agua\/\" class=\"_self pt-cv-href-thumbnail pt-cv-thumb-default\" target=\"_self\" ><img loading=\"lazy\" decoding=\"async\" width=\"300\" height=\"197\" src=\"https:\/\/acuiferoguarani.org\/wp-content\/uploads\/2025\/04\/Foto-Noticia-06-300x197.png\" class=\"pt-cv-thumbnail\" alt=\"\" srcset=\"https:\/\/acuiferoguarani.org\/wp-content\/uploads\/2025\/04\/Foto-Noticia-06-300x197.png 300w, https:\/\/acuiferoguarani.org\/wp-content\/uploads\/2025\/04\/Foto-Noticia-06-1024x671.png 1024w, https:\/\/acuiferoguarani.org\/wp-content\/uploads\/2025\/04\/Foto-Noticia-06-768x504.png 768w, https:\/\/acuiferoguarani.org\/wp-content\/uploads\/2025\/04\/Foto-Noticia-06-18x12.png 18w, https:\/\/acuiferoguarani.org\/wp-content\/uploads\/2025\/04\/Foto-Noticia-06-e1745787176215.png 800w\" sizes=\"(max-width: 300px) 100vw, 300px\" \/><\/a><\/div>\n<div class=\"pt-cv-overlay-wrapper\">\n<h4 class=\"pt-cv-title\"><a href=\"https:\/\/acuiferoguarani.org\/pt\/america-latina-en-el-10o-foro-mundial-del-agua\/\" class=\"_self\" target=\"_self\" >Am\u00e9rica Latina en el 10\u00ba Foro Mundial del Agua<\/a><\/h4>\n<div class=\"pt-cv-meta-fields\"><span class=\"entry-date\"> <time datetime=\"2025-04-27T20:53:15+00:00\">Abril 27, 2025<\/time><\/span><\/div>\n<\/div>\n<\/div>\n<div class=\"pt-cv-content-item pt-cv-1-col\" >\n<div class=\"pt-cv-thumb-wrapper\"><a href=\"https:\/\/acuiferoguarani.org\/pt\/america-latina-en-el-10o-foro-mundial-del-agua-liderazgo-y-compromiso-en-la-gestion-hidrica\/\" class=\"_self pt-cv-href-thumbnail pt-cv-thumb-default\" target=\"_self\" ><img loading=\"lazy\" decoding=\"async\" width=\"300\" height=\"197\" src=\"https:\/\/acuiferoguarani.org\/wp-content\/uploads\/2025\/04\/Foto-Noticia-05-300x197.png\" class=\"pt-cv-thumbnail\" alt=\"\" srcset=\"https:\/\/acuiferoguarani.org\/wp-content\/uploads\/2025\/04\/Foto-Noticia-05-300x197.png 300w, https:\/\/acuiferoguarani.org\/wp-content\/uploads\/2025\/04\/Foto-Noticia-05-1024x671.png 1024w, https:\/\/acuiferoguarani.org\/wp-content\/uploads\/2025\/04\/Foto-Noticia-05-768x504.png 768w, https:\/\/acuiferoguarani.org\/wp-content\/uploads\/2025\/04\/Foto-Noticia-05-18x12.png 18w, https:\/\/acuiferoguarani.org\/wp-content\/uploads\/2025\/04\/Foto-Noticia-05-e1745786889361.png 800w\" sizes=\"(max-width: 300px) 100vw, 300px\" \/><\/a><\/div>\n<div class=\"pt-cv-overlay-wrapper\">\n<h4 class=\"pt-cv-title\"><a href=\"https:\/\/acuiferoguarani.org\/pt\/america-latina-en-el-10o-foro-mundial-del-agua-liderazgo-y-compromiso-en-la-gestion-hidrica\/\" class=\"_self\" target=\"_self\" >Am\u00e9rica Latina en el 10\u00ba Foro Mundial del Agua: Liderazgo y compromiso en la gesti\u00f3n h\u00eddrica<\/a><\/h4>\n<div class=\"pt-cv-meta-fields\"><span class=\"entry-date\"> <time datetime=\"2025-04-27T20:48:39+00:00\">Abril 27, 2025<\/time><\/span><\/div>\n<\/div>\n<\/div>\n<div class=\"pt-cv-content-item pt-cv-1-col\" >\n<div class=\"pt-cv-thumb-wrapper\"><a href=\"https:\/\/acuiferoguarani.org\/pt\/dialogo-con-comunidades-indigenas-del-acuifero-guarani\/\" class=\"_self pt-cv-href-thumbnail pt-cv-thumb-default\" target=\"_self\" ><img loading=\"lazy\" decoding=\"async\" width=\"300\" height=\"199\" src=\"https:\/\/acuiferoguarani.org\/wp-content\/uploads\/2025\/04\/Foto-Noticia-03-300x199.png\" class=\"pt-cv-thumbnail\" alt=\"\" srcset=\"https:\/\/acuiferoguarani.org\/wp-content\/uploads\/2025\/04\/Foto-Noticia-03-300x199.png 300w, https:\/\/acuiferoguarani.org\/wp-content\/uploads\/2025\/04\/Foto-Noticia-03-1024x680.png 1024w, https:\/\/acuiferoguarani.org\/wp-content\/uploads\/2025\/04\/Foto-Noticia-03-768x510.png 768w, https:\/\/acuiferoguarani.org\/wp-content\/uploads\/2025\/04\/Foto-Noticia-03-18x12.png 18w, https:\/\/acuiferoguarani.org\/wp-content\/uploads\/2025\/04\/Foto-Noticia-03-e1745786445860.png 800w\" sizes=\"(max-width: 300px) 100vw, 300px\" \/><\/a><\/div>\n<div class=\"pt-cv-overlay-wrapper\">\n<h4 class=\"pt-cv-title\"><a href=\"https:\/\/acuiferoguarani.org\/pt\/dialogo-con-comunidades-indigenas-del-acuifero-guarani\/\" class=\"_self\" target=\"_self\" >Di\u00e1logo con comunidades ind\u00edgenas del Acu\u00edfero Guaran\u00ed<\/a><\/h4>\n<div class=\"pt-cv-meta-fields\"><span class=\"entry-date\"> <time datetime=\"2025-04-27T20:40:54+00:00\">Abril 27, 2025<\/time><\/span><\/div>\n<\/div>\n<\/div>\n<div class=\"pt-cv-content-item pt-cv-1-col\" >\n<div class=\"pt-cv-thumb-wrapper\"><a href=\"https:\/\/acuiferoguarani.org\/pt\/se-estrena-voces-del-guarani-en-paris-un-llamado-urgente-a-la-preservacion-del-agua-y-la-cooperacion\/\" class=\"_self pt-cv-href-thumbnail pt-cv-thumb-default\" target=\"_self\" ><img loading=\"lazy\" decoding=\"async\" width=\"300\" height=\"176\" src=\"https:\/\/acuiferoguarani.org\/wp-content\/uploads\/2025\/04\/Foto-Noticia-01-300x176.png\" class=\"pt-cv-thumbnail\" alt=\"\" srcset=\"https:\/\/acuiferoguarani.org\/wp-content\/uploads\/2025\/04\/Foto-Noticia-01-300x176.png 300w, https:\/\/acuiferoguarani.org\/wp-content\/uploads\/2025\/04\/Foto-Noticia-01-1024x601.png 1024w, https:\/\/acuiferoguarani.org\/wp-content\/uploads\/2025\/04\/Foto-Noticia-01-768x451.png 768w, https:\/\/acuiferoguarani.org\/wp-content\/uploads\/2025\/04\/Foto-Noticia-01-18x12.png 18w, https:\/\/acuiferoguarani.org\/wp-content\/uploads\/2025\/04\/Foto-Noticia-01-e1745783942438.png 800w\" sizes=\"(max-width: 300px) 100vw, 300px\" \/><\/a><\/div>\n<div class=\"pt-cv-overlay-wrapper\">\n<h4 class=\"pt-cv-title\"><a href=\"https:\/\/acuiferoguarani.org\/pt\/se-estrena-voces-del-guarani-en-paris-un-llamado-urgente-a-la-preservacion-del-agua-y-la-cooperacion\/\" class=\"_self\" target=\"_self\" >Se estrena Voces del Guaran\u00ed en Par\u00eds: Un llamado urgente a la preservaci\u00f3n del agua y la cooperaci\u00f3n\u00a0<\/a><\/h4>\n<div class=\"pt-cv-meta-fields\"><span class=\"entry-date\"> <time datetime=\"2025-04-27T19:59:30+00:00\">Abril 27, 2025<\/time><\/span><\/div>\n<\/div>\n<\/div>\n<div class=\"pt-cv-content-item pt-cv-1-col\" >\n<div class=\"pt-cv-thumb-wrapper\"><a href=\"https:\/\/acuiferoguarani.org\/pt\/dialogue-with-indigenous-peoples-perspectives-on-the-management-of-the-guarani-aquifer-system\/\" class=\"_self pt-cv-href-thumbnail pt-cv-thumb-default\" target=\"_self\" ><img loading=\"lazy\" decoding=\"async\" width=\"300\" height=\"225\" src=\"https:\/\/acuiferoguarani.org\/wp-content\/uploads\/2024\/06\/Foto-Noticia-00-300x225.png\" class=\"pt-cv-thumbnail\" alt=\"\" srcset=\"https:\/\/acuiferoguarani.org\/wp-content\/uploads\/2024\/06\/Foto-Noticia-00-300x225.png 300w, https:\/\/acuiferoguarani.org\/wp-content\/uploads\/2024\/06\/Foto-Noticia-00-1024x770.png 1024w, https:\/\/acuiferoguarani.org\/wp-content\/uploads\/2024\/06\/Foto-Noticia-00-768x577.png 768w, https:\/\/acuiferoguarani.org\/wp-content\/uploads\/2024\/06\/Foto-Noticia-00-16x12.png 16w, https:\/\/acuiferoguarani.org\/wp-content\/uploads\/2024\/06\/Foto-Noticia-00-e1745783732245.png 800w\" sizes=\"(max-width: 300px) 100vw, 300px\" \/><\/a><\/div>\n<div class=\"pt-cv-overlay-wrapper\">\n<h4 class=\"pt-cv-title\"><a href=\"https:\/\/acuiferoguarani.org\/pt\/dialogue-with-indigenous-peoples-perspectives-on-the-management-of-the-guarani-aquifer-system\/\" class=\"_self\" target=\"_self\" >El Acuifero Guaran\u00ed como ejemplo global en diplomacia cient\u00edfica<\/a><\/h4>\n<div class=\"pt-cv-meta-fields\"><span class=\"entry-date\"> <time datetime=\"2024-06-06T00:00:00+00:00\">Junho 6, 2024<\/time><\/span><\/div>\n<\/div>\n<\/div>\n<div class=\"pt-cv-content-item pt-cv-1-col\" >\n<div class=\"pt-cv-thumb-wrapper\"><a href=\"https:\/\/acuiferoguarani.org\/pt\/accion-local-y-regional-pensando-el-futuro-del-acuifero-guarani-desde-argentina\/\" class=\"_self pt-cv-href-thumbnail pt-cv-thumb-default\" target=\"_self\" ><img loading=\"lazy\" decoding=\"async\" width=\"300\" height=\"200\" src=\"https:\/\/acuiferoguarani.org\/wp-content\/uploads\/2023\/11\/Taller-Acuifero-Guarani-Posadas-Argentina-Nov-2023-2.jpeg-300x200.webp\" class=\"pt-cv-thumbnail\" alt=\"\" srcset=\"https:\/\/acuiferoguarani.org\/wp-content\/uploads\/2023\/11\/Taller-Acuifero-Guarani-Posadas-Argentina-Nov-2023-2.jpeg-300x200.webp 300w, https:\/\/acuiferoguarani.org\/wp-content\/uploads\/2023\/11\/Taller-Acuifero-Guarani-Posadas-Argentina-Nov-2023-2.jpeg.webp 610w\" sizes=\"(max-width: 300px) 100vw, 300px\" \/><\/a><\/div>\n<div class=\"pt-cv-overlay-wrapper\">\n<h4 class=\"pt-cv-title\"><a href=\"https:\/\/acuiferoguarani.org\/pt\/accion-local-y-regional-pensando-el-futuro-del-acuifero-guarani-desde-argentina\/\" class=\"_self\" target=\"_self\" >A\u00e7\u00e3o local e regional: pensando no futuro do Aqu\u00edfero Guarani a partir da Argentina<\/a><\/h4>\n<div class=\"pt-cv-meta-fields\"><span class=\"entry-date\"> <time datetime=\"2023-11-08T00:00:00+00:00\">Novembro 8, 2023<\/time><\/span><\/div>\n<\/div>\n<\/div>\n<\/div>\n<\/div>\n<div class=\"pt-cv-pagination-wrapper\">\n<ul class=\"pt-cv-pagination pt-cv-ajax pagination\" data-totalpages=\"2\" data-currentpage=\"1\" data-sid=\"bb88e1848c\" data-unid=\"\" data-isblock=\"\" data-postid=\"\">\n<li class=\"active\"><a href=\"#\">1<\/a><\/li>\n<li ><a class=\"\" href=\"https:\/\/acuiferoguarani.org\/pt\/wp-json\/wp\/v2\/pages\/727\/?_page=2\">2<\/a><\/li>\n<li ><a class=\"\" href=\"https:\/\/acuiferoguarani.org\/pt\/wp-json\/wp\/v2\/pages\/727\/?_page=2\">&rsaquo;<\/a><\/li>\n<\/ul>\n<p><img loading=\"lazy\" decoding=\"async\" width=\"15\" height=\"15\" class=\"pt-cv-spinner\" alt=\"Loading...\" src=\"data:image\/gif;base64,R0lGODlhDwAPALMPAMrKygwMDJOTkz09PZWVla+vr3p6euTk5M7OzuXl5TMzMwAAAJmZmWZmZszMzP\/\/\/yH\/C05FVFNDQVBFMi4wAwEAAAAh+QQFCgAPACwAAAAADwAPAAAEQvDJaZaZOIcV8iQK8VRX4iTYoAwZ4iCYoAjZ4RxejhVNoT+mRGP4cyF4Pp0N98sBGIBMEMOotl6YZ3S61Bmbkm4mAgAh+QQFCgAPACwAAAAADQANAAAENPDJSRSZeA418itN8QiK8BiLITVsFiyBBIoYqnoewAD4xPw9iY4XLGYSjkQR4UAUD45DLwIAIfkEBQoADwAsAAAAAA8ACQAABC\/wyVlamTi3nSdgwFNdhEJgTJoNyoB9ISYoQmdjiZPcj7EYCAeCF1gEDo4Dz2eIAAAh+QQFCgAPACwCAAAADQANAAAEM\/DJBxiYeLKdX3IJZT1FU0iIg2RNKx3OkZVnZ98ToRD4MyiDnkAh6BkNC0MvsAj0kMpHBAAh+QQFCgAPACwGAAAACQAPAAAEMDC59KpFDll73HkAA2wVY5KgiK5b0RRoI6MuzG6EQqCDMlSGheEhUAgqgUUAFRySIgAh+QQFCgAPACwCAAIADQANAAAEM\/DJKZNLND\/kkKaHc3xk+QAMYDKsiaqmZCxGVjSFFCxB1vwy2oOgIDxuucxAMTAJFAJNBAAh+QQFCgAPACwAAAYADwAJAAAEMNAs86q1yaWwwv2Ig0jUZx3OYa4XoRAfwADXoAwfo1+CIjyFRuEho60aSNYlOPxEAAAh+QQFCgAPACwAAAIADQANAAAENPA9s4y8+IUVcqaWJ4qEQozSoAzoIyhCK2NFU2SJk0hNnyEOhKR2AzAAj4Pj4GE4W0bkJQIAOw==\" \/><\/p>\n<div class=\"clear pt-cv-clear-pagination\"><\/div>\n<\/div>\n<\/div>\n<style type=\"text\/css\" id=\"pt-cv-inline-style-f4f5e525lc\">#pt-cv-view-bb88e1848c .pt-cv-thumb-wrapper::before {background: rgba(0,0,0,.4); opacity: 0.8;}#pt-cv-view-bb88e1848c .pt-cv-overlay-wrapper {justify-content: flex-end;}\n#pt-cv-view-bb88e1848c > .pt-cv-page {grid-template-columns: repeat(4, 1fr);grid-auto-rows: 250px;grid-gap: 15px;}\n@media all and (max-width: 1024px) { \n#pt-cv-view-bb88e1848c > .pt-cv-page {grid-template-columns: repeat(1, 1fr);}\n} \n@media all and (max-width: 767px) { \n#pt-cv-view-bb88e1848c > .pt-cv-page {grid-template-columns: repeat(1, 1fr);}\n} <\/style>\n\t\t\t\t\t\t\t\t<\/div>\n\t\t\t\t<\/div>\n\t\t\t\t\t<\/div>\n\t\t\t\t<\/div>\n\t\t<div class=\"elementor-element elementor-element-70a8353 e-flex e-con-boxed e-con e-parent\" data-id=\"70a8353\" data-element_type=\"container\" data-e-type=\"container\" data-settings=\"{&quot;_ha_eqh_enable&quot;:false}\">\n\t\t\t\t\t<div class=\"e-con-inner\">\n\t\t\t\t<div class=\"elementor-element elementor-element-fa73443 elementor-widget elementor-widget-heading\" data-id=\"fa73443\" data-element_type=\"widget\" data-e-type=\"widget\" data-widget_type=\"heading.default\">\n\t\t\t\t<div class=\"elementor-widget-container\">\n\t\t\t\t\t<h2 class=\"elementor-heading-title elementor-size-default\">Noticas Externas<\/h2>\t\t\t\t<\/div>\n\t\t\t\t<\/div>\n\t\t\t\t<div class=\"elementor-element elementor-element-fdf176e elementor-widget elementor-widget-shortcode\" data-id=\"fdf176e\" data-element_type=\"widget\" data-e-type=\"widget\" data-widget_type=\"shortcode.default\">\n\t\t\t\t<div class=\"elementor-widget-container\">\n\t\t\t\t\t\t\t<div class=\"elementor-shortcode\"><div class=\"pt-cv-wrapper\"><div class=\"pt-cv-view pt-cv-blockgrid iscvblock iscvhybrid grid1 layout1\" id=\"pt-cv-view-680bd533be\"><div data-id=\"pt-cv-page-1\" class=\"pt-cv-page\" data-cvc=\"4\"><div class=\"pt-cv-content-item pt-cv-1-col\" ><div class=\"pt-cv-thumb-wrapper\"><a href=\"https:\/\/acuiferoguarani.org\/pt\/la-unesco-insta-a-sudamerica-a-retomar-el-programa-del-acuifero-guarani\/\" class=\"_self pt-cv-href-thumbnail pt-cv-thumb-default\" target=\"_self\" ><img loading=\"lazy\" decoding=\"async\" width=\"300\" height=\"225\" src=\"https:\/\/acuiferoguarani.org\/wp-content\/uploads\/2025\/04\/Foto-Noticias-18-300x225.png\" class=\"pt-cv-thumbnail\" alt=\"\" srcset=\"https:\/\/acuiferoguarani.org\/wp-content\/uploads\/2025\/04\/Foto-Noticias-18-300x225.png 300w, https:\/\/acuiferoguarani.org\/wp-content\/uploads\/2025\/04\/Foto-Noticias-18-768x576.png 768w, https:\/\/acuiferoguarani.org\/wp-content\/uploads\/2025\/04\/Foto-Noticias-18-16x12.png 16w, https:\/\/acuiferoguarani.org\/wp-content\/uploads\/2025\/04\/Foto-Noticias-18.png 800w\" sizes=\"(max-width: 300px) 100vw, 300px\" \/><\/a><\/div>\n<h4 class=\"pt-cv-title\"><a href=\"https:\/\/acuiferoguarani.org\/pt\/la-unesco-insta-a-sudamerica-a-retomar-el-programa-del-acuifero-guarani\/\" class=\"_self\" target=\"_self\" >La UNESCO insta a Sudam\u00e9rica a retomar el programa del Acu\u00edfero Guaran\u00ed<\/a><\/h4>\n<div class=\"pt-cv-meta-fields\"><span class=\"entry-date\"> <time datetime=\"2025-04-28T01:19:14+00:00\">Abril 28, 2025<\/time><\/span><\/div><\/div>\n<div class=\"pt-cv-content-item pt-cv-1-col\" ><div class=\"pt-cv-thumb-wrapper\"><a href=\"https:\/\/acuiferoguarani.org\/pt\/acuifero-guarani-si-el-agua-fluye-todo-fluye\/\" class=\"_self pt-cv-href-thumbnail pt-cv-thumb-default\" target=\"_self\" ><img loading=\"lazy\" decoding=\"async\" width=\"300\" height=\"169\" src=\"https:\/\/acuiferoguarani.org\/wp-content\/uploads\/2025\/04\/Foto-Noticia-17-300x169.png\" class=\"pt-cv-thumbnail\" alt=\"\" srcset=\"https:\/\/acuiferoguarani.org\/wp-content\/uploads\/2025\/04\/Foto-Noticia-17-300x169.png 300w, https:\/\/acuiferoguarani.org\/wp-content\/uploads\/2025\/04\/Foto-Noticia-17-1024x575.png 1024w, https:\/\/acuiferoguarani.org\/wp-content\/uploads\/2025\/04\/Foto-Noticia-17-768x432.png 768w, https:\/\/acuiferoguarani.org\/wp-content\/uploads\/2025\/04\/Foto-Noticia-17-1536x863.png 1536w, https:\/\/acuiferoguarani.org\/wp-content\/uploads\/2025\/04\/Foto-Noticia-17-18x10.png 18w, https:\/\/acuiferoguarani.org\/wp-content\/uploads\/2025\/04\/Foto-Noticia-17-1320x742.png 1320w, https:\/\/acuiferoguarani.org\/wp-content\/uploads\/2025\/04\/Foto-Noticia-17-e1745802660541.png 800w\" sizes=\"(max-width: 300px) 100vw, 300px\" \/><\/a><\/div>\n<h4 class=\"pt-cv-title\"><a href=\"https:\/\/acuiferoguarani.org\/pt\/acuifero-guarani-si-el-agua-fluye-todo-fluye\/\" class=\"_self\" target=\"_self\" >Acu\u00edfero Guaran\u00ed: Si el agua fluye, todo fluye<\/a><\/h4>\n<div class=\"pt-cv-meta-fields\"><span class=\"entry-date\"> <time datetime=\"2025-04-28T01:11:17+00:00\">Abril 28, 2025<\/time><\/span><\/div><\/div>\n<div class=\"pt-cv-content-item pt-cv-1-col\" ><div class=\"pt-cv-thumb-wrapper\"><a href=\"https:\/\/acuiferoguarani.org\/pt\/la-unesco-refuerza-la-importancia-de-la-cooperacion-para-el-acuifero-guarani\/\" class=\"_self pt-cv-href-thumbnail pt-cv-thumb-default\" target=\"_self\" ><img loading=\"lazy\" decoding=\"async\" width=\"300\" height=\"186\" src=\"https:\/\/acuiferoguarani.org\/wp-content\/uploads\/2025\/04\/Foto-Noticia-16-300x186.png\" class=\"pt-cv-thumbnail\" alt=\"\" srcset=\"https:\/\/acuiferoguarani.org\/wp-content\/uploads\/2025\/04\/Foto-Noticia-16-300x186.png 300w, https:\/\/acuiferoguarani.org\/wp-content\/uploads\/2025\/04\/Foto-Noticia-16-1024x635.png 1024w, https:\/\/acuiferoguarani.org\/wp-content\/uploads\/2025\/04\/Foto-Noticia-16-768x476.png 768w, https:\/\/acuiferoguarani.org\/wp-content\/uploads\/2025\/04\/Foto-Noticia-16-1536x952.png 1536w, https:\/\/acuiferoguarani.org\/wp-content\/uploads\/2025\/04\/Foto-Noticia-16-18x12.png 18w, https:\/\/acuiferoguarani.org\/wp-content\/uploads\/2025\/04\/Foto-Noticia-16-1320x819.png 1320w, https:\/\/acuiferoguarani.org\/wp-content\/uploads\/2025\/04\/Foto-Noticia-16-e1745802290462.png 800w\" sizes=\"(max-width: 300px) 100vw, 300px\" \/><\/a><\/div>\n<h4 class=\"pt-cv-title\"><a href=\"https:\/\/acuiferoguarani.org\/pt\/la-unesco-refuerza-la-importancia-de-la-cooperacion-para-el-acuifero-guarani\/\" class=\"_self\" target=\"_self\" >La UNESCO refuerza la importancia de la cooperaci\u00f3n para el Acu\u00edfero Guaran\u00ed<\/a><\/h4>\n<div class=\"pt-cv-meta-fields\"><span class=\"entry-date\"> <time datetime=\"2025-04-28T01:05:00+00:00\">Abril 28, 2025<\/time><\/span><\/div><\/div>\n<div class=\"pt-cv-content-item pt-cv-1-col\" ><div class=\"pt-cv-thumb-wrapper\"><a href=\"https:\/\/acuiferoguarani.org\/pt\/aguas-que-unen\/\" class=\"_self pt-cv-href-thumbnail pt-cv-thumb-default\" target=\"_self\" ><img loading=\"lazy\" decoding=\"async\" width=\"300\" height=\"206\" src=\"https:\/\/acuiferoguarani.org\/wp-content\/uploads\/2025\/04\/Foto-Noticia-15-300x206.png\" class=\"pt-cv-thumbnail\" alt=\"\" srcset=\"https:\/\/acuiferoguarani.org\/wp-content\/uploads\/2025\/04\/Foto-Noticia-15-300x206.png 300w, https:\/\/acuiferoguarani.org\/wp-content\/uploads\/2025\/04\/Foto-Noticia-15-1024x702.png 1024w, https:\/\/acuiferoguarani.org\/wp-content\/uploads\/2025\/04\/Foto-Noticia-15-768x526.png 768w, https:\/\/acuiferoguarani.org\/wp-content\/uploads\/2025\/04\/Foto-Noticia-15-18x12.png 18w, https:\/\/acuiferoguarani.org\/wp-content\/uploads\/2025\/04\/Foto-Noticia-15-1320x905.png 1320w, https:\/\/acuiferoguarani.org\/wp-content\/uploads\/2025\/04\/Foto-Noticia-15-e1745801545693.png 800w\" sizes=\"(max-width: 300px) 100vw, 300px\" \/><\/a><\/div>\n<h4 class=\"pt-cv-title\"><a href=\"https:\/\/acuiferoguarani.org\/pt\/aguas-que-unen\/\" class=\"_self\" target=\"_self\" >Aguas que unen<\/a><\/h4>\n<div class=\"pt-cv-meta-fields\"><span class=\"entry-date\"> <time datetime=\"2025-04-28T00:52:34+00:00\">Abril 28, 2025<\/time><\/span><\/div><\/div><\/div><\/div><\/div>\t\t\t<style type=\"text\/css\" id=\"pt-cv-inline-style-de34f439p7\">\n#pt-cv-view-680bd533be .pt-cv-thumb-wrapper:not(.miniwrap) { width: 300px; }#pt-cv-view-680bd533be .pt-cv-thumbnail:not(.pt-cv-thumbnailsm) { height: 250px; }#pt-cv-view-680bd533be > .pt-cv-page {grid-template-columns: repeat(4, 1fr);grid-gap: 15px;}\n@media all and (max-width: 1024px) { \n#pt-cv-view-680bd533be > .pt-cv-page {grid-template-columns: repeat(1, 1fr);}\n} \n@media all and (max-width: 767px) { \n#pt-cv-view-680bd533be > .pt-cv-page {grid-template-columns: repeat(1, 1fr);}\n} <\/style>\r\n\t\t\t<\/div>\n\t\t\t\t\t\t<\/div>\n\t\t\t\t<\/div>\n\t\t\t\t\t<\/div>\n\t\t\t\t<\/div>\n\t\t\t\t<\/div>","protected":false},"excerpt":{"rendered":"<p>Noticas Externas<\/p>","protected":false},"author":1,"featured_media":0,"parent":0,"menu_order":0,"comment_status":"closed","ping_status":"closed","template":"","meta":{"site-sidebar-layout":"default","site-content-layout":"","ast-site-content-layout":"default","site-content-style":"default","site-sidebar-style":"default","ast-global-header-display":"","ast-banner-title-visibility":"","ast-main-header-display":"","ast-hfb-above-header-display":"","ast-hfb-below-header-display":"","ast-hfb-mobile-header-display":"","site-post-title":"","ast-breadcrumbs-content":"","ast-featured-img":"","footer-sml-layout":"","ast-disable-related-posts":"","theme-transparent-header-meta":"","adv-header-id-meta":"","stick-header-meta":"","header-above-stick-meta":"","header-main-stick-meta":"","header-below-stick-meta":"","astra-migrate-meta-layouts":"default","ast-page-background-enabled":"default","ast-page-background-meta":{"desktop":{"background-color":"var(--ast-global-color-5)","background-image":"","background-repeat":"repeat","background-position":"center center","background-size":"auto","background-attachment":"scroll","background-type":"","background-media":"","overlay-type":"","overlay-color":"","overlay-opacity":"","overlay-gradient":""},"tablet":{"background-color":"","background-image":"","background-repeat":"repeat","background-position":"center center","background-size":"auto","background-attachment":"scroll","background-type":"","background-media":"","overlay-type":"","overlay-color":"","overlay-opacity":"","overlay-gradient":""},"mobile":{"background-color":"","background-image":"","background-repeat":"repeat","background-position":"center center","background-size":"auto","background-attachment":"scroll","background-type":"","background-media":"","overlay-type":"","overlay-color":"","overlay-opacity":"","overlay-gradient":""}},"ast-content-background-meta":{"desktop":{"background-color":"var(--ast-global-color-4)","background-image":"","background-repeat":"repeat","background-position":"center center","background-size":"auto","background-attachment":"scroll","background-type":"","background-media":"","overlay-type":"","overlay-color":"","overlay-opacity":"","overlay-gradient":""},"tablet":{"background-color":"var(--ast-global-color-4)","background-image":"","background-repeat":"repeat","background-position":"center center","background-size":"auto","background-attachment":"scroll","background-type":"","background-media":"","overlay-type":"","overlay-color":"","overlay-opacity":"","overlay-gradient":""},"mobile":{"background-color":"var(--ast-global-color-4)","background-image":"","background-repeat":"repeat","background-position":"center center","background-size":"auto","background-attachment":"scroll","background-type":"","background-media":"","overlay-type":"","overlay-color":"","overlay-opacity":"","overlay-gradient":""}},"footnotes":""},"class_list":["post-727","page","type-page","status-publish","hentry"],"_links":{"self":[{"href":"https:\/\/acuiferoguarani.org\/pt\/wp-json\/wp\/v2\/pages\/727","targetHints":{"allow":["GET"]}}],"collection":[{"href":"https:\/\/acuiferoguarani.org\/pt\/wp-json\/wp\/v2\/pages"}],"about":[{"href":"https:\/\/acuiferoguarani.org\/pt\/wp-json\/wp\/v2\/types\/page"}],"author":[{"embeddable":true,"href":"https:\/\/acuiferoguarani.org\/pt\/wp-json\/wp\/v2\/users\/1"}],"replies":[{"embeddable":true,"href":"https:\/\/acuiferoguarani.org\/pt\/wp-json\/wp\/v2\/comments?post=727"}],"version-history":[{"count":4,"href":"https:\/\/acuiferoguarani.org\/pt\/wp-json\/wp\/v2\/pages\/727\/revisions"}],"predecessor-version":[{"id":956,"href":"https:\/\/acuiferoguarani.org\/pt\/wp-json\/wp\/v2\/pages\/727\/revisions\/956"}],"wp:attachment":[{"href":"https:\/\/acuiferoguarani.org\/pt\/wp-json\/wp\/v2\/media?parent=727"}],"curies":[{"name":"wp","href":"https:\/\/api.w.org\/{rel}","templated":true}]}}